{"id":13376,"date":"2023-06-26T15:56:48","date_gmt":"2023-06-26T15:56:48","guid":{"rendered":"https:\/\/modale.com\/product\/dolce-gabbana-casa-calla-sofa\/"},"modified":"2023-08-10T10:43:48","modified_gmt":"2023-08-10T10:43:48","slug":"dolce-gabbana-casa-calla-sofa","status":"publish","type":"product","link":"https:\/\/modale.com\/vi\/product\/dolce-gabbana-casa-calla-sofa\/","title":{"rendered":"<strong>DOLCE &#038; GABBANA CASA <\/strong><br> SOFA CALLA"},"content":{"rendered":"<p>SOFA CALLA V\u1edaI C\u00c1C \u0110\u01af\u1edcNG U\u1ed0N CONG M\u1ec0M M\u1ea0I, CHO B\u1ea0N C\u1ea2M GI\u00c1C TH\u01af GI\u00c3N V\u00c0 KH\u00d4NG GIAN GH\u1ebe NG\u1ed2I R\u1ed8NG R\u00c3I. \u0110\u1eb6C \u0110I\u1ec2M CH\u1ea4T LI\u1ec6U M\u1ec0M M\u1ea0I V\u00c0 HI\u1ec6U \u1ee8NG TR\u1ef0C QUAN MANG L\u1ea0I C\u1ea2M GI\u00c1C TUY\u1ec6T V\u1edcI TRONG B\u1ed8 S\u01afU T\u1eacP.<\/p>\n","protected":false},"excerpt":{"rendered":"<p>SOFA CALLA V\u1edaI C\u00c1C \u0110\u01af\u1edcNG U\u1ed0N CONG M\u1ec0M M\u1ea0I, CHO B\u1ea0N C\u1ea2M GI\u00c1C TH\u01af GI\u00c3N V\u00c0 KH\u00d4NG GIAN GH\u1ebe NG\u1ed2I R\u1ed8NG R\u00c3I. \u0110\u1eb6C \u0110I\u1ec2M CH\u1ea4T LI\u1ec6U M\u1ec0M M\u1ea0I V\u00c0 HI\u1ec6U \u1ee8NG TR\u1ef0C QUAN MANG L\u1ea0I C\u1ea2M GI\u00c1C TUY\u1ec6T V\u1edcI TRONG B\u1ed8 S\u01afU T\u1eacP.<\/p>\n","protected":false},"featured_media":13068,"template":"","meta":[],"product_cat":[747],"product_tag":[703],"origin":[770],"designers":[],"collection":[],"brands":[757],"class_list":{"0":"post-13376","1":"product","2":"type-product","3":"status-publish","4":"has-post-thumbnail","6":"product_cat-sofas-vi","7":"product_tag-living-vi-2","8":"origin-european","9":"brands-dolce-gabbana","11":"first","12":"instock","13":"shipping-taxable","14":"purchasable","15":"product-type-simple"},"_links":{"self":[{"href":"https:\/\/modale.com\/vi\/wp-json\/wp\/v2\/product\/13376","targetHints":{"allow":["GET"]}}],"collection":[{"href":"https:\/\/modale.com\/vi\/wp-json\/wp\/v2\/product"}],"about":[{"href":"https:\/\/modale.com\/vi\/wp-json\/wp\/v2\/types\/product"}],"wp:featuredmedia":[{"embeddable":true,"href":"https:\/\/modale.com\/vi\/wp-json\/wp\/v2\/media\/13068"}],"wp:attachment":[{"href":"https:\/\/modale.com\/vi\/wp-json\/wp\/v2\/media?parent=13376"}],"wp:term":[{"taxonomy":"product_cat","embeddable":true,"href":"https:\/\/modale.com\/vi\/wp-json\/wp\/v2\/product_cat?post=13376"},{"taxonomy":"product_tag","embeddable":true,"href":"https:\/\/modale.com\/vi\/wp-json\/wp\/v2\/product_tag?post=13376"},{"taxonomy":"origin","embeddable":true,"href":"https:\/\/modale.com\/vi\/wp-json\/wp\/v2\/origin?post=13376"},{"taxonomy":"designers","embeddable":true,"href":"https:\/\/modale.com\/vi\/wp-json\/wp\/v2\/designers?post=13376"},{"taxonomy":"collection","embeddable":true,"href":"https:\/\/modale.com\/vi\/wp-json\/wp\/v2\/collection?post=13376"},{"taxonomy":"brands","embeddable":true,"href":"https:\/\/modale.com\/vi\/wp-json\/wp\/v2\/brands?post=13376"}],"curies":[{"name":"wp","href":"https:\/\/api.w.org\/{rel}","templated":true}]}}