{"id":13393,"date":"2023-06-26T16:02:10","date_gmt":"2023-06-26T16:02:10","guid":{"rendered":"https:\/\/modale.com\/product\/elie-saab-divano-elite-lounge\/"},"modified":"2023-12-22T06:45:29","modified_gmt":"2023-12-22T06:45:29","slug":"elie-saab-divano-elite-lounge","status":"publish","type":"product","link":"https:\/\/modale.com\/vi\/product\/elie-saab-divano-elite-lounge\/","title":{"rendered":"<strong>ELIE SAAB MAISON <\/strong><br>  GH\u1ebe LOUNGE ELITE"},"content":{"rendered":"<p>C\u00d3 THI\u1ebeT K\u1ebe C\u1ea4U TR\u00daC TINH T\u1ebe V\u00c0 S\u1eec D\u1ee4NG CH\u1ea4T LI\u1ec6U CH\u1ea4T L\u01af\u1ee2NG, BAO G\u1ed2M L\u1edaP G\u1ed6 D\u00c1N V\u00c0 M\u00daT POLYURETHANE \u0110\u1ec2 \u0110\u1ea2M B\u1ea2O \u0110\u1ed8 B\u1ec0N V\u00c0 CH\u1ea4T L\u01af\u1ee2NG CAO. \u0110I\u1ec0U \u0110\u1eb6C BI\u1ec6T L\u00c0 B\u1ea0N C\u00d3 TH\u1ec2 L\u1ef0A CH\u1eccN V\u1ea2I B\u1eccC L\u00c0 DA HO\u1eb6C V\u1ea2I T\u1eea B\u1ed8 S\u01afU T\u1eacP, T\u00d9Y THEO S\u1ede TH\u00cdCH C\u00c1 NH\u00c2N. \u0110\u1ec2 T\u0102NG TH\u00caM S\u1ef0 TINH T\u1ebe CHO GH\u1ebe SOFA, B\u1ea0N C\u00d3 TH\u1ec2 TH\u00caM \u0110\u01af\u1edcNG VI\u1ec0N B\u1eb0NG DA, M\u1ea0 V\u00c0NG SATIN HO\u1eb6C KIM LO\u1ea0I M\u1ea0 \u0110\u1ed2NG. CH\u00c2N GH\u1ebe \u0110\u01af\u1ee2C L\u00c0M T\u1eea \u0110\u1ed2NG CH\u1ea2I NH\u00c1M HO\u1eb6C \u0110\u1ed2NG M\u1ea0, T\u1ea0O N\u00caN S\u1ef0 SANG TR\u1eccNG V\u00c0 CH\u1ea4T L\u01af\u1ee2NG CHO THI\u1ebeT K\u1ebe T\u1ed4NG TH\u1ec2<\/p>\n","protected":false},"excerpt":{"rendered":"<p>C\u00d3 THI\u1ebeT K\u1ebe C\u1ea4U TR\u00daC TINH T\u1ebe V\u00c0 S\u1eec D\u1ee4NG CH\u1ea4T LI\u1ec6U CH\u1ea4T L\u01af\u1ee2NG, BAO G\u1ed2M L\u1edaP G\u1ed6 D\u00c1N V\u00c0 M\u00daT POLYURETHANE \u0110\u1ec2 \u0110\u1ea2M B\u1ea2O \u0110\u1ed8 B\u1ec0N V\u00c0 CH\u1ea4T L\u01af\u1ee2NG CAO. \u0110I\u1ec0U \u0110\u1eb6C BI\u1ec6T L\u00c0 B\u1ea0N C\u00d3 TH\u1ec2 L\u1ef0A CH\u1eccN V\u1ea2I B\u1eccC L\u00c0 DA HO\u1eb6C V\u1ea2I T\u1eea B\u1ed8 S\u01afU T\u1eacP, T\u00d9Y THEO S\u1ede TH\u00cdCH C\u00c1 [&hellip;]<\/p>\n","protected":false},"featured_media":13179,"template":"","meta":[],"product_cat":[747],"product_tag":[703],"origin":[770],"designers":[],"collection":[],"brands":[756],"class_list":{"0":"post-13393","1":"product","2":"type-product","3":"status-publish","4":"has-post-thumbnail","6":"product_cat-sofas-vi","7":"product_tag-living-vi-2","8":"origin-european","9":"brands-elie-saab","11":"first","12":"instock","13":"shipping-taxable","14":"purchasable","15":"product-type-simple"},"_links":{"self":[{"href":"https:\/\/modale.com\/vi\/wp-json\/wp\/v2\/product\/13393","targetHints":{"allow":["GET"]}}],"collection":[{"href":"https:\/\/modale.com\/vi\/wp-json\/wp\/v2\/product"}],"about":[{"href":"https:\/\/modale.com\/vi\/wp-json\/wp\/v2\/types\/product"}],"wp:featuredmedia":[{"embeddable":true,"href":"https:\/\/modale.com\/vi\/wp-json\/wp\/v2\/media\/13179"}],"wp:attachment":[{"href":"https:\/\/modale.com\/vi\/wp-json\/wp\/v2\/media?parent=13393"}],"wp:term":[{"taxonomy":"product_cat","embeddable":true,"href":"https:\/\/modale.com\/vi\/wp-json\/wp\/v2\/product_cat?post=13393"},{"taxonomy":"product_tag","embeddable":true,"href":"https:\/\/modale.com\/vi\/wp-json\/wp\/v2\/product_tag?post=13393"},{"taxonomy":"origin","embeddable":true,"href":"https:\/\/modale.com\/vi\/wp-json\/wp\/v2\/origin?post=13393"},{"taxonomy":"designers","embeddable":true,"href":"https:\/\/modale.com\/vi\/wp-json\/wp\/v2\/designers?post=13393"},{"taxonomy":"collection","embeddable":true,"href":"https:\/\/modale.com\/vi\/wp-json\/wp\/v2\/collection?post=13393"},{"taxonomy":"brands","embeddable":true,"href":"https:\/\/modale.com\/vi\/wp-json\/wp\/v2\/brands?post=13393"}],"curies":[{"name":"wp","href":"https:\/\/api.w.org\/{rel}","templated":true}]}}