{"id":13397,"date":"2023-06-26T16:03:52","date_gmt":"2023-06-26T16:03:52","guid":{"rendered":"https:\/\/modale.com\/product\/elie-saab-lampadario-diamond\/"},"modified":"2023-08-10T10:43:53","modified_gmt":"2023-08-10T10:43:53","slug":"elie-saab-lampadario-diamond","status":"publish","type":"product","link":"https:\/\/modale.com\/vi\/product\/elie-saab-lampadario-diamond\/","title":{"rendered":"<strong>ELIE SAAB MAISON <\/strong><br> \u0110\u00c8N CH\u00d9M DIAMOND"},"content":{"rendered":"<p>\u0110\u00c8N CH\u00d9M DIAMOND MANG \u0110\u1ebeN M\u1ed8T HI\u1ec6U \u1ee8NG \u00c1NH S\u00c1NG \u0110\u1ed8C \u0110\u00c1O TH\u00d4NG QUA NH\u1eeeNG L\u00c1 \u0110\u00c8N C\u00d3 H\u00ccNH D\u1ea0NG GI\u1ed0NG KIM C\u01af\u01a0NG, \u0110\u01af\u1ee2C L\u00c0M TH\u1ee6 C\u00d4NG T\u1eea K\u00cdNH MURANO N\u1ed4I TI\u1ebeNG, MANG \u0110\u1ebeN S\u1ef0 SANG TR\u1eccNG TINH T\u1ebe CHO B\u1ea4T K\u1ef2 KH\u00d4NG GIAN N\u1ed8I TH\u1ea4T N\u00c0O.n<\/p>\n","protected":false},"excerpt":{"rendered":"<p>\u0110\u00c8N CH\u00d9M DIAMOND MANG \u0110\u1ebeN M\u1ed8T HI\u1ec6U \u1ee8NG \u00c1NH S\u00c1NG \u0110\u1ed8C \u0110\u00c1O TH\u00d4NG QUA NH\u1eeeNG L\u00c1 \u0110\u00c8N C\u00d3 H\u00ccNH D\u1ea0NG GI\u1ed0NG KIM C\u01af\u01a0NG, \u0110\u01af\u1ee2C L\u00c0M TH\u1ee6 C\u00d4NG T\u1eea K\u00cdNH MURANO N\u1ed4I TI\u1ebeNG, MANG \u0110\u1ebeN S\u1ef0 SANG TR\u1eccNG TINH T\u1ebe CHO B\u1ea4T K\u1ef2 KH\u00d4NG GIAN N\u1ed8I TH\u1ea4T N\u00c0O.n<\/p>\n","protected":false},"featured_media":13201,"template":"","meta":[],"product_cat":[751],"product_tag":[702],"origin":[770],"designers":[],"collection":[],"brands":[756],"class_list":{"0":"post-13397","1":"product","2":"type-product","3":"status-publish","4":"has-post-thumbnail","6":"product_cat-wall-lamps-vi","7":"product_tag-lighting-vi-2","8":"origin-european","9":"brands-elie-saab","11":"first","12":"instock","13":"shipping-taxable","14":"purchasable","15":"product-type-simple"},"_links":{"self":[{"href":"https:\/\/modale.com\/vi\/wp-json\/wp\/v2\/product\/13397","targetHints":{"allow":["GET"]}}],"collection":[{"href":"https:\/\/modale.com\/vi\/wp-json\/wp\/v2\/product"}],"about":[{"href":"https:\/\/modale.com\/vi\/wp-json\/wp\/v2\/types\/product"}],"wp:featuredmedia":[{"embeddable":true,"href":"https:\/\/modale.com\/vi\/wp-json\/wp\/v2\/media\/13201"}],"wp:attachment":[{"href":"https:\/\/modale.com\/vi\/wp-json\/wp\/v2\/media?parent=13397"}],"wp:term":[{"taxonomy":"product_cat","embeddable":true,"href":"https:\/\/modale.com\/vi\/wp-json\/wp\/v2\/product_cat?post=13397"},{"taxonomy":"product_tag","embeddable":true,"href":"https:\/\/modale.com\/vi\/wp-json\/wp\/v2\/product_tag?post=13397"},{"taxonomy":"origin","embeddable":true,"href":"https:\/\/modale.com\/vi\/wp-json\/wp\/v2\/origin?post=13397"},{"taxonomy":"designers","embeddable":true,"href":"https:\/\/modale.com\/vi\/wp-json\/wp\/v2\/designers?post=13397"},{"taxonomy":"collection","embeddable":true,"href":"https:\/\/modale.com\/vi\/wp-json\/wp\/v2\/collection?post=13397"},{"taxonomy":"brands","embeddable":true,"href":"https:\/\/modale.com\/vi\/wp-json\/wp\/v2\/brands?post=13397"}],"curies":[{"name":"wp","href":"https:\/\/api.w.org\/{rel}","templated":true}]}}